{"id":9473,"date":"2023-08-09T14:59:54","date_gmt":"2023-08-09T12:59:54","guid":{"rendered":"http:\/\/ab.peritus-ra.com\/attorneys-at-law\/dr-sebastian-overkamp\/"},"modified":"2026-02-09T15:30:30","modified_gmt":"2026-02-09T14:30:30","slug":"dr-sebastian-overkamp","status":"publish","type":"page","link":"https:\/\/www.peritus-ra.de\/en\/attorneys-at-law\/dr-sebastian-overkamp\/","title":{"rendered":"Dr. Sebastian Overkamp"},"content":{"rendered":"<section class=\"l-section wpb_row height_auto width_full\"><div class=\"l-section-h i-cf\"><div class=\"g-cols vc_row via_flex valign_top type_default stacking_default\"><div class=\"vc_col-sm-12 wpb_column vc_column_container\"><div class=\"vc_column-inner\"><div class=\"wpb_wrapper\"><div class=\"g-cols wpb_row via_flex valign_bottom type_default\"><div class=\"vc_col-sm-2\/5 wpb_column vc_column_container\"><div class=\"vc_column-inner\"><div class=\"wpb_wrapper\"><div class=\"w-post-elm post_image stretched\"><img loading=\"lazy\" decoding=\"async\" width=\"520\" height=\"760\" src=\"https:\/\/www.peritus-ra.de\/wp-content\/uploads\/2023\/11\/portrait-overkamp-mit-bg.jpg\" class=\"attachment-large size-large wp-post-image\" alt srcset=\"https:\/\/www.peritus-ra.de\/wp-content\/uploads\/2023\/11\/portrait-overkamp-mit-bg.jpg 520w, https:\/\/www.peritus-ra.de\/wp-content\/uploads\/2023\/11\/portrait-overkamp-mit-bg-205x300.jpg 205w\" sizes=\"auto, (max-width: 520px) 100vw, 520px\"><\/div><\/div><\/div><\/div><div class=\"vc_col-sm-3\/5 wpb_column vc_column_container\"><div class=\"vc_column-inner\"><div class=\"wpb_wrapper\"><div class=\"w-vwrapper us_custom_8aad266c align_none valign_bottom\" style=\"--vwrapper-gap:0rem\"><div class=\"wpb_text_column\"><div class=\"wpb_wrapper\"><h1>Dr. Sebastian Overkamp<\/h1>\n<ul class=\"ohne-einrueckung\">\n<li>Att\u00ador\u00adney<\/li>\n<li>Cer\u00adti\u00adfied Spe\u00adcia\u00adlist Att\u00ador\u00adney for inhe\u00adri\u00adtance Law<\/li>\n<\/ul>\n<\/div><\/div><div class=\"w-separator size_custom\" style=\"height:12px\"><\/div><div class=\"w-btn-wrapper align_none\"><a class=\"w-btn us-btn-style_7 ab-nowrap-button icon_atleft\" href=\"mailto:sebastian.overkamp@peritus-ra.de\"><i class=\"fas fa-envelope\"><\/i><span class=\"w-btn-label\">Get in Touch<\/span><\/a><\/div><\/div><\/div><\/div><\/div><\/div><div class=\"w-separator size_custom\" style=\"height:50px\"><\/div><\/div><\/div><\/div><\/div><\/div><\/section><section class=\"l-section wpb_row height_small width_full\"><div class=\"l-section-h i-cf\"><div class=\"g-cols vc_row via_flex valign_top type_default stacking_default\"><div class=\"vc_col-sm-12 wpb_column vc_column_container\"><div class=\"vc_column-inner\"><div class=\"wpb_wrapper\"><div class=\"w-separator size_custom\" style=\"height:20px\"><\/div><div class=\"w-iconbox us_custom_50cc7d67 iconpos_left style_default color_primary align_left no_text\"><div class=\"w-iconbox-icon\" style=\"font-size:2rem;\"><i class=\"fas fa-address-book\"><\/i><\/div><div class=\"w-iconbox-meta\"><h2 class=\"w-iconbox-title\">Curriculum Vitae<\/h2><\/div><\/div><div class=\"wpb_text_column us_custom_73c0b1e8\"><div class=\"wpb_wrapper\"><ul>\n<li>Admit\u00adted as a lawy\u00ader in 2013<\/li>\n<li>Acad\u00admic occu\u00adpa\u00adti\u00adon at the Unit\u00adver\u00adsi\u00adty of Saar\u00adland, depart\u00adment for civil law, roman law and euro\u00adpan law com\u00adpa\u00adris\u00adsons until 11\/ 2017 with a focus on civil legal pro\u00adce\u00addee\u00addings<\/li>\n<li>Dis\u00adser\u00adta\u00adti\u00adon on the sub\u00adject \u201eThe histo\u00adry and sys\u00adtem of Ger\u00adman reim\u00adbur\u00adse\u00adment rights\u201d<\/li>\n<li>2013\u20132017 Self-employed as estab\u00adlished lawy\u00ader<\/li>\n<li>2017\u20132019 Employ\u00aded by Depr\u00e9 RECHTSANWALTS AG<\/li>\n<li>Since 2\/2019 Employ\u00aded by peri\u00adtus Rechts\u00adan\u00adwalts\u00adge\u00adsell\u00adschaft pri\u00adma\u00adri\u00adly in the fields inhe\u00adri\u00adtance law, com\u00admer\u00adcial and com\u00adpa\u00adny law, insol\u00adven\u00adcy law and data pro\u00adtec\u00adtion law<\/li>\n<\/ul>\n<\/div><\/div><\/div><\/div><\/div><\/div><\/div><\/section><section class=\"l-section wpb_row height_small width_full\"><div class=\"l-section-h i-cf\"><div class=\"g-cols vc_row via_flex valign_top type_default stacking_default\"><div class=\"vc_col-sm-12 wpb_column vc_column_container\"><div class=\"vc_column-inner\"><div class=\"wpb_wrapper\"><div class=\"w-separator size_custom\" style=\"height:20px\"><\/div><div class=\"w-iconbox us_custom_50cc7d67 iconpos_left style_default color_primary align_left no_text\"><div class=\"w-iconbox-icon\" style=\"font-size:2rem;\"><i class=\"fas fa-newspaper\"><\/i><\/div><div class=\"w-iconbox-meta\"><h2 class=\"w-iconbox-title\">Last Posts by Dr. Sebastian Overkamp<\/h2><\/div><\/div><div class=\"wpb_text_column\"><div class=\"wpb_wrapper\"><ul class=\"lcp_catlist\" id=\"lcp_instance_0\"><li><a href=\"https:\/\/www.peritus-ra.de\/en\/2023\/09\/anticipated-succession-and-avoidance-in-insolvency\/\">Anti\u00adci\u00adpa\u00adted suc\u00adces\u00adsi\u00adon and avo\u00adid\u00adance in insol\u00adven\u00adcy<\/a><\/li><\/ul>\n<\/div><\/div><\/div><\/div><\/div><\/div><\/div><\/section><section class=\"l-section wpb_row height_small width_full\"><div class=\"l-section-h i-cf\"><div class=\"g-cols vc_row via_flex valign_top type_default stacking_default\"><div class=\"vc_col-sm-12 wpb_column vc_column_container\"><div class=\"vc_column-inner\"><div class=\"wpb_wrapper\"><div class=\"w-separator size_custom\" style=\"height:20px\"><\/div><div class=\"w-iconbox us_custom_50cc7d67 iconpos_left style_default color_primary align_left no_text\"><div class=\"w-iconbox-icon\" style=\"font-size:2rem;\"><i class=\"fas fa-book\"><\/i><\/div><div class=\"w-iconbox-meta\"><h2 class=\"w-iconbox-title\">Publications<\/h2><\/div><\/div><div class=\"wpb_text_column\"><div class=\"wpb_wrapper\"><h3>B\u00fccher<\/h3>\n<div align=\"left\">\n<table border=\"0\" width=\"600\" cellpadding=\"2\">\n<tbody>\n<tr>\n<td><img loading=\"lazy\" decoding=\"async\" class=\"alignnone size-medium wp-image-4399\" src=\"\/wp-content\/uploads\/2019\/02\/getimage-165x300.jpg\" alt width=\"165\" height=\"300\"><\/td>\n<td style=\"vertical-align: top;\">\n<h4>Daten- und Pers\u00f6nlichkeitsschutz im Arbeitsverh\u00e4ltnis Kapitel: Personenbezogene Daten und B\u00fcroorganisation<\/h4>\n<p>Her\u00adaus\u00adge\u00adber: Weth, Her\u00adber\u00adger, W\u00e4ch\u00adter, Sorge<br>\nC. H. Beck, 2. Aufl. 2019<br>\nISBN 978\u20133\u2011406\u201371186\u20112<\/p><\/td>\n<\/tr>\n<tr>\n<td width=\"20%\"><img loading=\"lazy\" decoding=\"async\" class=\"alignnone size-medium wp-image-4403\" src=\"\/wp-content\/uploads\/2019\/02\/41Win9Zl64L._SX345_BO1204203200_-209x300.jpg\" alt width=\"209\" height=\"300\"><\/td>\n<td style=\"vertical-align: top;\">\n<h4>Kommentierung der \u00a7\u00a7 21, 22, 23 des Allgemeinen Gleichbehandlungsgesetzes (AGG) im juris-Praxiskommentar BGB seit der 7. Auflage 2015<\/h4>\n<\/td>\n<\/tr>\n<tr>\n<td><img loading=\"lazy\" decoding=\"async\" class=\"alignnone size-medium wp-image-4657\" src=\"\/wp-content\/uploads\/2019\/08\/HensslerPr\u00fctting-300x300.jpg\" alt width=\"300\" height=\"300\"><\/td>\n<td style=\"vertical-align: top;\">Dr. Sebas\u00adti\u00adan Over\u00adkamp \/ Dr. Yvonne Over\u00adkamp\n<h4>Kommentierung des Rechtsdienstleistungsgesetzes (RDG) in: Henssler\/Pr\u00fctting, Kommentar zur Bundesrechtsanwaltsordnung (BRAO), 6. Auflage 2024<br>\nISBN 978\u20133\u2011406\u201378479\u20118<\/h4>\n<\/td>\n<\/tr>\n<\/tbody>\n<\/table>\n<\/div>\n<h3>Aufs\u00e4tze<\/h3>\n<ul>\n<li>Dr. Sebas\u00adti\u00adan Overkamp\/ R. Wierz: Die recht\u00adli\u00adche Stel\u00adlung des Abwick\u00adlers und seine Gestal\u00adtungs\u00adm\u00f6g\u00adlich\u00adkei\u00adten im Man\u00addat, in: BRAK-Mitteilungen 2013, S. 206\u2013215<\/li>\n<\/ul>\n<h3>Urteilsanmerkungen<\/h3>\n<ul>\n<li>Anmer\u00adkung zum Beschluss des BGH vom 19.11.2020 \u2013 IX ZB 14\/20<br>\nZur Besei\u00adti\u00adgung der Ver\u00adstri\u00adckung einer gepf\u00e4n\u00adde\u00adten For\u00adde\u00adrung w\u00e4h\u00adrend eines Insol\u00advenz\u00adver\u00adfah\u00adrens<br>\nEWiR 2021, 339<\/li>\n<li>Anmer\u00adkung zum Beschluss des OLG Hamm vom 25.09.2020 \u2013 25 W 155\/20<br>\nKeine Nach\u00adho\u00adlung des Hin\u00adwei\u00adses nach \u00a7 31 Abs. 4 Nr. 3 GKG<br>\nNJW 2021, 89<\/li>\n<li>Anmer\u00adkun\u00adgen zum Beschluss des BGH vom 13.09.2018 \u2014 I ZB 16\/18<br>\nFor\u00adma\u00adle Anfor\u00adde\u00adrun\u00adgen an den Kos\u00adten\u00adfest\u00adset\u00adzungs\u00adbe\u00adschluss<br>\nin NJW 2019, 679 ff.<\/li>\n<li>Anmer\u00adkung zum Beschluss des BGH vom 07.02.2018 \u2014 XII ZB 112\/17<br>\nKos\u00adten\u00ader\u00adstat\u00adtung bei Beru\u00adfungs\u00ader\u00adwi\u00adde\u00adrung nach Beru\u00adfungs\u00adr\u00fcck\u00adnah\u00adme<br>\nin NJW 2018, 406 f.<\/li>\n<\/ul>\n<\/div><\/div><\/div><\/div><\/div><\/div><\/div><\/section><section class=\"l-section wpb_row height_large width_full\"><div class=\"l-section-h i-cf\"><div class=\"g-cols vc_row via_flex valign_top type_default stacking_default\"><div class=\"vc_col-sm-12 wpb_column vc_column_container\"><div class=\"vc_column-inner\"><div class=\"wpb_wrapper\"><\/div><\/div><\/div><\/div><\/div><\/section>\n","protected":false},"excerpt":{"rendered":"<p>Att\u00ador\u00adney<br>\nCer\u00adti\u00adfied Spe\u00adcia\u00adlist Att\u00ador\u00adney for inhe\u00adri\u00adtance Law<br>\n<a href=\"mailto:sebastian.overkamp@peritus-ra.de\">sebastian.overkamp@peritus-ra.de<\/a><\/p>\n","protected":false},"author":3,"featured_media":10116,"parent":6786,"menu_order":20,"comment_status":"closed","ping_status":"closed","template":"","meta":{"wp_typography_post_enhancements_disabled":false,"footnotes":""},"categories":[167,174,169,171,173,166,168,170,164,172],"tags":[224],"class_list":["post-9473","page","type-page","status-publish","has-post-thumbnail","hentry","category-erben-und-nachlass-en","category-unternehmen-en","category-gesellschaftsrecht-en","category-krisen-und-sanierungsberatung-en","category-nachlasspflegschaften-en","category-datenschutz-en","category-erbrecht-en","category-insolvenzrecht-en","category-rechtsanwaeltinnen-en","category-nachfolge-en","tag-sebastian_overkamp-en"],"_links":{"self":[{"href":"https:\/\/www.peritus-ra.de\/en\/wp-json\/wp\/v2\/pages\/9473","targetHints":{"allow":["GET"]}}],"collection":[{"href":"https:\/\/www.peritus-ra.de\/en\/wp-json\/wp\/v2\/pages"}],"about":[{"href":"https:\/\/www.peritus-ra.de\/en\/wp-json\/wp\/v2\/types\/page"}],"author":[{"embeddable":true,"href":"https:\/\/www.peritus-ra.de\/en\/wp-json\/wp\/v2\/users\/3"}],"replies":[{"embeddable":true,"href":"https:\/\/www.peritus-ra.de\/en\/wp-json\/wp\/v2\/comments?post=9473"}],"version-history":[{"count":9,"href":"https:\/\/www.peritus-ra.de\/en\/wp-json\/wp\/v2\/pages\/9473\/revisions"}],"predecessor-version":[{"id":10757,"href":"https:\/\/www.peritus-ra.de\/en\/wp-json\/wp\/v2\/pages\/9473\/revisions\/10757"}],"up":[{"embeddable":true,"href":"https:\/\/www.peritus-ra.de\/en\/wp-json\/wp\/v2\/pages\/6786"}],"wp:featuredmedia":[{"embeddable":true,"href":"https:\/\/www.peritus-ra.de\/en\/wp-json\/wp\/v2\/media\/10116"}],"wp:attachment":[{"href":"https:\/\/www.peritus-ra.de\/en\/wp-json\/wp\/v2\/media?parent=9473"}],"wp:term":[{"taxonomy":"category","embeddable":true,"href":"https:\/\/www.peritus-ra.de\/en\/wp-json\/wp\/v2\/categories?post=9473"},{"taxonomy":"post_tag","embeddable":true,"href":"https:\/\/www.peritus-ra.de\/en\/wp-json\/wp\/v2\/tags?post=9473"}],"curies":[{"name":"wp","href":"https:\/\/api.w.org\/{rel}","templated":true}]}}