{"id":9689,"date":"2023-09-27T23:20:23","date_gmt":"2023-09-27T21:20:23","guid":{"rendered":"http:\/\/ab.peritus-ra.com\/datenschutzerklaerung\/"},"modified":"2023-10-12T14:19:18","modified_gmt":"2023-10-12T12:19:18","slug":"protection-of-data-privacy","status":"publish","type":"page","link":"https:\/\/www.peritus-ra.de\/en\/protection-of-data-privacy\/","title":{"rendered":"Protection of data privacy"},"content":{"rendered":"<section class=\"l-section wpb_row height_auto\"><div class=\"l-section-h i-cf\"><div class=\"g-cols vc_row via_flex valign_top type_default stacking_default\"><div class=\"vc_col-sm-12 wpb_column vc_column_container\"><div class=\"vc_column-inner\"><div class=\"wpb_wrapper\"><div class=\"wpb_text_column\"><div class=\"wpb_wrapper\"><header class=\"entry-header\">\n<h2 class=\"entry-title\">Die Webseite der <span class=\"ci-peritus\">peritus Rechtsanwaltsgesellschaft mbH<\/span><\/h2>\n<\/header>\n<div class=\"entry-content\">\n<div class=\"content\">\n<p>Diese Datenschutz-Information gilt f\u00fcr die Daten\u00adver\u00adar\u00adbei\u00adtung durch die peri\u00adtus Rechts\u00adan\u00adwalts\u00adge\u00adsell\u00adschaft mbH.<\/p>\n<h3>Datenschutz<\/h3>\n<p>Die peri\u00adtus&nbsp;Rechts\u00adan\u00adwalts\u00adge\u00adsell\u00adschaft mbH erhebt die vom jewei\u00adli\u00adgen Internet-Provider mit\u00adge\u00adteil\u00adten Anga\u00adben (insb. zuge\u00adwie\u00adse\u00adne IP-Adresse) und keine per\u00adso\u00adnen\u00adbe\u00adzo\u00adge\u00adnen Daten mit Aus\u00adnah\u00adme sol\u00adcher per\u00adso\u00adnen\u00adbe\u00adzo\u00adge\u00adnen Daten, die vom Besu\u00adcher aus\u00addr\u00fcck\u00adlich und frei\u00adwil\u00adlig ein\u00adge\u00adge\u00adben wer\u00adden. Bei Ihrer Kon\u00adtakt\u00adauf\u00adnah\u00adme mit uns per E\u2011Mail wer\u00adden die von Ihnen mit\u00adge\u00adteil\u00adten Daten (Ihre E\u2011Mail-Adresse, ggf. Ihr Name und Ihre Tele\u00adfon\u00adnum\u00admer) von uns gespei\u00adchert, um Ihre Fra\u00adgen zu beant\u00adwor\u00adten. Die in die\u00adsem Zusam\u00admen\u00adhang anfal\u00adlen\u00adden Daten l\u00f6schen wir, nach\u00addem die Spei\u00adche\u00adrung nicht mehr erfor\u00adder\u00adlich ist, oder schr\u00e4n\u00adken die Ver\u00adar\u00adbei\u00adtung ein, falls gesetz\u00adli\u00adche Auf\u00adbe\u00adwah\u00adrungs\u00adpflich\u00adten bestehen. Der\u00adar\u00adti\u00adge \u2013 per\u00adso\u00adnen\u00adbe\u00adzo\u00adge\u00adnen \u2013 Infor\u00adma\u00adtio\u00adnen wer\u00adden dann aus\u00adschlie\u00df\u00adlich zum ent\u00adspre\u00adchen\u00adden Zweck (Bear\u00adbei\u00adtung Ihrer Anfra\u00adge oder der Abwick\u00adlung Ihres Man\u00adda\u00adtes) und unter Beach\u00adtung der gel\u00adten\u00adden gesetz\u00adli\u00adchen Bestim\u00admun\u00adgen genutzt. S\u00e4mt\u00adli\u00adche per\u00adso\u00adnen\u00adbe\u00adzo\u00adge\u00adne Daten wer\u00adden bei uns nur solan\u00adge gespei\u00adchert, wie dies f\u00fcr den genann\u00adten Zweck (Bear\u00adbei\u00adtung Ihrer Anfra\u00adge oder Abwick\u00adlung Ihres Man\u00adda\u00adtes) erfor\u00adder\u00adlich ist.<br>\nBei der Ver\u00adar\u00adbei\u00adtung per\u00adso\u00adnen\u00adbe\u00adzo\u00adge\u00adner Daten beach\u00adtet die peri\u00adtus Rechts\u00adan\u00adwalts\u00adge\u00adsell\u00adschaft mbH selbst\u00adver\u00adst\u00e4nd\u00adlich die jeweils gel\u00adten\u00adden gesetz\u00adli\u00adchen Bestim\u00admun\u00adgen, ins\u00adbe\u00adson\u00adde\u00adre des Bun\u00addes\u00adda\u00adten\u00adschutz\u00adge\u00adset\u00adzes (BDSG), der Datenschutz-Grundverordnung (DSGVO) und des Tele\u00adme\u00addi\u00aden\u00adge\u00adset\u00adzes (TMG).<\/p>\n<h3>Name und Anschrift des f\u00fcr die Verarbeitung Verantwortlichen<\/h3>\n<p>Ver\u00adant\u00adwort\u00adli\u00adcher im Sinne der Datenschutz-Grundverordnung, sons\u00adti\u00adger in den Mit\u00adglied\u00adstaa\u00adten der Euro\u00adp\u00e4i\u00adschen Union gel\u00adten\u00adden Daten\u00adschutz\u00adge\u00adset\u00adze und ande\u00adrer Bestim\u00admun\u00adgen mit daten\u00adschutz\u00adrecht\u00adli\u00adchem Cha\u00adrak\u00adter ist die:<br>\nperi\u00adtus Rechts\u00adan\u00adwalts\u00adge\u00adsell\u00adschaft mbH<br>\nO 4, 13\u201316 (Kunst\u00adstra\u00ad\u00dfe)<br>\n68161 Mann\u00adheim<br>\nDeutsch\u00adland<br>\nTele\u00adfon: 0621 1816780<br>\nTele\u00adfax: 0621 18167811<br>\nE\u2011Mail: mail@peritus-ra.de<br>\nWeb\u00adsite: www.peritus-ra.de<\/p>\n<h3>Kontaktdaten des Datenschutzbeauftragten<\/h3>\n<p>Der Daten\u00adschutz\u00adbe\u00adauf\u00adtrag\u00adte des f\u00fcr die Ver\u00adar\u00adbei\u00adtung Ver\u00adant\u00adwort\u00adli\u00adchen kann erreicht wer\u00adden unter:<br>\nperi\u00adtus Rechts\u00adan\u00adwalts\u00adge\u00adsell\u00adschaft mbH<br>\nDaten\u00adschutz\u00adbe\u00adauf\u00adtrag\u00adter<br>\nO 4, 13\u201316 (Kunst\u00adstra\u00ad\u00dfe)<br>\n68161 Mann\u00adheim<br>\nDeutsch\u00adland<br>\nTele\u00adfon: 0621 1816780<br>\nTele\u00adfax: 0621 18167811<br>\nE\u2011Mail: mail@peritus-ra.de<\/p>\n<\/div>\n<div class=\"content\">\n<h3>Erhebung und Speicherung personenbezogener Daten sowie Art und Zweck von deren Verwendung<\/h3>\n<p>a) Beim Besuch der Web\u00adsite<br>\nBeim Auf\u00adru\u00adfen unse\u00adrer Web\u00adsite www.peritus-ra.de wer\u00adden durch den auf Ihrem End\u00adge\u00adr\u00e4t zum Ein\u00adsatz kom\u00admen\u00adden Brow\u00adser auto\u00adma\u00adtisch Infor\u00adma\u00adtio\u00adnen an den Ser\u00adver unse\u00adrer Web\u00adsite gesen\u00addet. Diese Infor\u00adma\u00adtio\u00adnen wer\u00adden tem\u00adpo\u00adr\u00e4r in einem sog. Log\u00adfile gespei\u00adchert. Fol\u00adgen\u00adde Infor\u00adma\u00adtio\u00adnen wer\u00adden dabei ohne Ihr Zutun erfasst und bis zur auto\u00adma\u00adti\u00adsier\u00adten L\u00f6schung gespei\u00adchert:<br>\n\u2013 IP-Adresse des anfra\u00adgen\u00adden Rech\u00adners,<br>\n\u2013 Datum und Uhr\u00adzeit des Zugriffs,<br>\n\u2013 Name und URL der abge\u00adru\u00adfe\u00adnen Datei,<br>\n\u2013 Web\u00adsite, von der aus der Zugriff erfolgt (Referrer-URL),<br>\n\u2013 ver\u00adwen\u00adde\u00adter Brow\u00adser und ggf. das Betriebs\u00adsys\u00adtem Ihres Rech\u00adners sowie der Name Ihres Access-Providers.<\/p>\n<p>Die genann\u00adten Daten wer\u00adden durch uns zu fol\u00adgen\u00adden Zwe\u00adcken ver\u00adar\u00adbei\u00adtet:<br>\n\u2013 Gew\u00e4hr\u00adleis\u00adtung eines rei\u00adbungs\u00adlo\u00adsen Ver\u00adbin\u00addungs\u00adauf\u00adbaus der Web\u00adsite,<br>\n\u2013 Gew\u00e4hr\u00adleis\u00adtung einer kom\u00adfor\u00adta\u00adblen Nut\u00adzung unse\u00adrer Web\u00adsite,<br>\n\u2013 Aus\u00adwer\u00adtung der Sys\u00adtem\u00adsi\u00adcher\u00adheit und \u2011sta\u00adbi\u00adli\u00adt\u00e4t sowie<br>\n\u2013 zu wei\u00adte\u00adren admi\u00adnis\u00adtra\u00adti\u00adven Zwe\u00adcken.<\/p>\n<p>Die Rechts\u00adgrund\u00adla\u00adge f\u00fcr die Daten\u00adver\u00adar\u00adbei\u00adtung ist Art. <a title=\"Art. 6 DSGVO: Rechtm\u00e4\u00dfigkeit der Verarbeitung\" href=\"https:\/\/dejure.org\/gesetze\/DSGVO\/6.html\">6<\/a> Abs. 1 S. 1 lit. f DSGVO. Unser berech\u00adtig\u00adtes Inter\u00ades\u00adse folgt aus oben auf\u00adge\u00adlis\u00adte\u00adten Zwe\u00adcken zur Daten\u00ader\u00adhe\u00adbung. In kei\u00adnem Fall ver\u00adwen\u00adden wir die erho\u00adbe\u00adnen Daten zu dem Zweck, R\u00fcck\u00adschl\u00fcs\u00adse auf Ihre Per\u00adson zu zie\u00adhen.<br>\nDar\u00ad\u00fcber hin\u00adaus set\u00adzen wir beim Besuch unse\u00adrer Web\u00adsite Coo\u00adkies sowie Ana\u00adly\u00adse\u00addiens\u00adte ein. N\u00e4he\u00adre Erl\u00e4u\u00adte\u00adrun\u00adgen dazu erhal\u00adten Sie im wei\u00adte\u00adren Ver\u00adlauf die\u00adser Datenschutzerkl\u00e4rung.<\/p>\n<p>b) Bei Anmel\u00addung f\u00fcr unse\u00adren News\u00adlet\u00adter<br>\nSofern Sie nach Art. <a title=\"Art. 6 DSGVO: Rechtm\u00e4\u00dfigkeit der Verarbeitung\" href=\"https:\/\/dejure.org\/gesetze\/DSGVO\/6.html\">6<\/a> Abs. 1 S. 1 lit. a DSGVO aus\u00addr\u00fcck\u00adlich ein\u00adge\u00adwil\u00adligt haben, ver\u00adwen\u00adden wir Ihre E\u2011Mail-Adresse daf\u00fcr, Ihnen regel\u00adm\u00e4\u00ad\u00dfig unse\u00adren News\u00adlet\u00adter zu \u00fcber\u00adsen\u00adden. F\u00fcr den Emp\u00adfang des News\u00adlet\u00adters ist die Anga\u00adbe einer E\u2011Mail-Adresse aus\u00adrei\u00adchend.<br>\nDie Abmel\u00addung ist jeder\u00adzeit m\u00f6g\u00adlich, zum Bei\u00adspiel \u00fcber einen Link am Ende eines jeden News\u00adlet\u00adters. Alter\u00adna\u00adtiv k\u00f6n\u00adnen Sie Ihren Abmel\u00adde\u00adwunsch gerne auch jeder\u00adzeit an mail@peritus-ra.de per E\u2011Mail sen\u00adden.<\/p>\n<p>c) Bewer\u00adbun\u00adgen<br>\nWenn Sie f\u00fcr uns arbei\u00adten m\u00f6ch\u00adten, neh\u00admen wir gern Ihre Bewer\u00adbung ent\u00adge\u00adgen. Alle \u00fcber\u00admit\u00adtel\u00adten per\u00adso\u00adnen\u00adbe\u00adzo\u00adge\u00adnen Daten behan\u00addeln wir streng ver\u00adtrau\u00adlich. Das gilt auch f\u00fcr sol\u00adche Daten, die wir erst sp\u00e4\u00adter im Zuge des Bewer\u00adbungs\u00adpro\u00adzes\u00adses erhe\u00adben.<br>\nAlle Daten, die wir im Rah\u00admen des Bewer\u00adbungs\u00adpro\u00adzes\u00adses erhe\u00adben, spei\u00adchern wir und nut\u00adzen sie, soweit dies zur Ent\u00adschei\u00addung \u00fcber die Begr\u00fcn\u00addung eines Besch\u00e4f\u00adti\u00adgungs\u00adver\u00adh\u00e4lt\u00adnis\u00adses erfor\u00adder\u00adlich ist. Das betrifft neben Kontakt- und Kom\u00admu\u00adni\u00adka\u00adti\u00adons\u00adda\u00adten sowie Bewer\u00adbungs\u00adun\u00adter\u00adla\u00adgen z.B. auch Noti\u00adzen, die wir im Rah\u00admen von Bewer\u00adbungs\u00adge\u00adspr\u00e4\u00adchen anfer\u00adti\u00adgen. Ihre Daten geben wir inner\u00adhalb unse\u00adres Unter\u00adneh\u00admens aus\u00adschlie\u00df\u00adlich an Per\u00adso\u00adnen wei\u00adter, die an der Bear\u00adbei\u00adtung Ihrer Bewer\u00adbung betei\u00adligt sind.<br>\nBei erfolg\u00adrei\u00adcher Bewer\u00adbung spei\u00adchern wir die Daten, die zur Durch\u00adf\u00fch\u00adrung des Besch\u00e4f\u00adti\u00adgungs\u00adver\u00adh\u00e4lt\u00adnis\u00adses erfor\u00adder\u00adlich sind, in unse\u00adren Daten\u00adver\u00adar\u00adbei\u00adtungs\u00adsys\u00adte\u00admen.<br>\nWenn wir Ihnen kein Stel\u00adlen\u00adan\u00adge\u00adbot machen k\u00f6n\u00adnen, Sie ein Stel\u00adlen\u00adan\u00adge\u00adbot ableh\u00adnen oder Ihre Bewer\u00adbung zur\u00fcck\u00adzie\u00adhen, behal\u00adten wir uns das Recht vor, Ihre Unter\u00adla\u00adgen und sons\u00adti\u00adgen Bewer\u00adbungs\u00adda\u00adten nach der Been\u00addi\u00adgung des Bewer\u00adbungs\u00adver\u00adfah\u00adrens noch bis zu 6 Mona\u00adte auf\u00adzu\u00adbe\u00adwah\u00adren. Der Grund ist, dass wir die Daten im Falle eines Rechts\u00adstreits ggf. zu Beweis\u00adzwe\u00adcken ben\u00f6\u00adti\u00adgen. Nach Ablauf der Frist l\u00f6schen wir die Daten und ver\u00adnich\u00adten die Unter\u00adla\u00adgen. Droht tat\u00ads\u00e4ch\u00adlich ein Rechts\u00adstreit oder ist er bereits anh\u00e4n\u00adgig, so l\u00f6schen wir die Daten und Unter\u00adla\u00adgen, wenn sie nicht mehr zu Beweis\u00adzwe\u00adcken ben\u00f6\u00adtigt wer\u00adden.<br>\nDaten im Bewer\u00adber\u00adpool l\u00f6schen wir sp\u00e4\u00adtes\u00adtens 2 Jahre nach Ertei\u00adlung der Ein\u00adwil\u00adli\u00adgung. Wider\u00adru\u00adfen Sie Ihre Ein\u00adwil\u00adli\u00adgung vor Ablauf die\u00adser Frist, l\u00f6schen wir sie fr\u00fc\u00adher.<br>\nDie L\u00f6schung Ihrer Daten setzt stets vor\u00adaus, dass wir nicht gesetz\u00adlich ver\u00adpflich\u00adtet sind, sie l\u00e4n\u00adger auf\u00adzu\u00adbe\u00adwah\u00adren.<br>\nIhre Bewer\u00adber\u00adda\u00adten ver\u00adar\u00adbei\u00adten wir auf der Grund\u00adla\u00adge von \u00a7 26 BDSG-neu (Anbah\u00adnung eines Besch\u00e4f\u00adti\u00adgungs\u00adver\u00adh\u00e4lt\u00adnis\u00adses) und Art. <a title=\"Art. 6 DSGVO: Rechtm\u00e4\u00dfigkeit der Verarbeitung\" href=\"https:\/\/dejure.org\/gesetze\/DSGVO\/6.html\">6<\/a> Abs. 1 lit. b) DSGVO (all\u00adge\u00admei\u00adne Ver\u00adtrags\u00adan\u00adbah\u00adnung). Das Glei\u00adche gilt, wenn Ihre Bewer\u00adbung erfolg\u00adreich ist.<br>\nWenn wir Ihnen kein Stel\u00adlen\u00adan\u00adge\u00adbot machen k\u00f6n\u00adnen, Sie ein Stel\u00adlen\u00adan\u00adge\u00adbot ableh\u00adnen oder Ihre Bewer\u00adbung zur\u00fcck\u00adzie\u00adhen, haben wir ein berech\u00adtig\u00adtes Inter\u00ades\u00adse daran, Ihre Daten zu Beweis\u00adzwe\u00adcken in einem even\u00adtu\u00adel\u00adlen Rechts\u00adstreit ein\u00adzu\u00adset\u00adzen. Die Daten\u00adver\u00adar\u00adbei\u00adtung beruht daher auf Art. <a title=\"Art. 6 DSGVO: Rechtm\u00e4\u00dfigkeit der Verarbeitung\" href=\"https:\/\/dejure.org\/gesetze\/DSGVO\/6.html\">6<\/a> Abs. 1 lit. f) DSGVO.<br>\nHaben Sie aus\u00addr\u00fcck\u00adlich in die Spei\u00adche\u00adrung Ihrer Daten ein\u00adge\u00adwil\u00adligt, ver\u00adar\u00adbei\u00adten wir Ihre Daten auf der Grund\u00adla\u00adge von Art. <a title=\"Art. 6 DSGVO: Rechtm\u00e4\u00dfigkeit der Verarbeitung\" href=\"https:\/\/dejure.org\/gesetze\/DSGVO\/6.html\">6<\/a> Abs. 1 lit. a) DSGVO. Sie k\u00f6n\u00adnen Ihre Ein\u00adwil\u00adli\u00adgung jeder\u00adzeit mit Wir\u00adkung f\u00fcr die Zukunft wider\u00adru\u00adfen.<\/p>\n<h3>Weitergabe von Daten<\/h3>\n<p>Eine \u00dcber\u00admitt\u00adlung Ihrer per\u00ads\u00f6n\u00adli\u00adchen Daten an Drit\u00adte zu ande\u00adren als den im Fol\u00adgen\u00adden auf\u00adge\u00adf\u00fchr\u00adten Zwe\u00adcken fin\u00addet nicht statt.<br>\nWir geben Ihre per\u00ads\u00f6n\u00adli\u00adchen Daten nur an Drit\u00adte wei\u00adter, wenn:<br>\n\u2013 Sie Ihre nach Art. <a title=\"Art. 6 DSGVO: Rechtm\u00e4\u00dfigkeit der Verarbeitung\" href=\"https:\/\/dejure.org\/gesetze\/DSGVO\/6.html\">6<\/a> Abs. 1 S. 1 lit. a DSGVO aus\u00addr\u00fcck\u00adli\u00adche Ein\u00adwil\u00adli\u00adgung dazu erteilt haben,<br>\n\u2013 die Wei\u00adter\u00adga\u00adbe nach Art. <a title=\"Art. 6 DSGVO: Rechtm\u00e4\u00dfigkeit der Verarbeitung\" href=\"https:\/\/dejure.org\/gesetze\/DSGVO\/6.html\">6<\/a> Abs. 1 S. 1 lit. f DSGVO zur Gel\u00adtend\u00adma\u00adchung, Aus\u00ad\u00fcbung oder Ver\u00adtei\u00addi\u00adgung von Rechts\u00adan\u00adspr\u00fc\u00adchen erfor\u00adder\u00adlich ist und kein Grund zur Annah\u00adme besteht, dass Sie ein \u00fcber\u00adwie\u00adgen\u00addes schutz\u00adw\u00fcr\u00addi\u00adges Inter\u00ades\u00adse an der Nicht\u00adwei\u00adter\u00adga\u00adbe Ihrer Daten haben,<br>\n\u2013 f\u00fcr den Fall, dass f\u00fcr die Wei\u00adter\u00adga\u00adbe nach Art. <a title=\"Art. 6 DSGVO: Rechtm\u00e4\u00dfigkeit der Verarbeitung\" href=\"https:\/\/dejure.org\/gesetze\/DSGVO\/6.html\">6<\/a> Abs. 1 S. 1 lit. c DSGVO eine gesetz\u00adli\u00adche Ver\u00adpflich\u00adtung besteht, sowie<br>\n\u2013 dies gesetz\u00adlich zul\u00e4s\u00adsig und nach Art. <a title=\"Art. 6 DSGVO: Rechtm\u00e4\u00dfigkeit der Verarbeitung\" href=\"https:\/\/dejure.org\/gesetze\/DSGVO\/6.html\">6<\/a> Abs. 1 S. 1 lit. b DSGVO f\u00fcr die Abwick\u00adlung von Ver\u00adtrags\u00adver\u00adh\u00e4lt\u00adnis\u00adsen mit Ihnen erfor\u00adder\u00adlich ist.<\/p>\n<h3>Cookies<\/h3>\n<p>Wir set\u00adzen auf unse\u00adrer Seite Coo\u00adkies ein. Hier\u00adbei han\u00addelt es sich um klei\u00adne Datei\u00aden, die Ihr Brow\u00adser auto\u00adma\u00adtisch erstellt und die auf Ihrem End\u00adge\u00adr\u00e4t (Lap\u00adtop, Tablet, Smart\u00adphone o.\u00e4.) gespei\u00adchert wer\u00adden, wenn Sie unse\u00adre Seite besu\u00adchen. Coo\u00adkies rich\u00adten auf Ihrem End\u00adge\u00adr\u00e4t kei\u00adnen Scha\u00adden an, ent\u00adhal\u00adten keine Viren, Tro\u00adja\u00adner oder sons\u00adti\u00adge Schad\u00adsoft\u00adware.<br>\nIn dem Coo\u00adkie wer\u00adden Infor\u00adma\u00adtio\u00adnen abge\u00adlegt, die sich jeweils im Zusam\u00admen\u00adhang mit dem spe\u00adzi\u00adfisch ein\u00adge\u00adsetz\u00adten End\u00adge\u00adr\u00e4t erge\u00adben. Dies bedeu\u00adtet jedoch nicht, dass wir dadurch unmit\u00adtel\u00adbar Kennt\u00adnis von Ihrer Iden\u00adti\u00adt\u00e4t erhal\u00adten.<br>\nDer Ein\u00adsatz von Coo\u00adkies dient einer\u00adseits dazu, die Nut\u00adzung unse\u00adres Ange\u00adbots f\u00fcr Sie ange\u00adneh\u00admer zu gestal\u00adten. So set\u00adzen wir soge\u00adnann\u00adte Session-Cookies ein, um zu erken\u00adnen, dass Sie ein\u00adzel\u00adne Sei\u00adten unse\u00adrer Web\u00adsite bereits besucht haben. Diese wer\u00adden nach Ver\u00adlas\u00adsen unse\u00adrer Seite auto\u00adma\u00adtisch gel\u00f6scht.<br>\nDar\u00ad\u00fcber hin\u00adaus set\u00adzen wir eben\u00adfalls zur Opti\u00admie\u00adrung der Benut\u00adzer\u00adfreund\u00adlich\u00adkeit tem\u00adpo\u00adr\u00e4\u00adre Coo\u00adkies ein, die f\u00fcr einen bestimm\u00adten fest\u00adge\u00adleg\u00adten Zeit\u00adraum auf Ihrem End\u00adge\u00adr\u00e4t gespei\u00adchert wer\u00adden. Besu\u00adchen Sie unse\u00adre Seite erneut, um unse\u00adre Diens\u00adte in Anspruch zu neh\u00admen, wird auto\u00adma\u00adtisch erkannt, dass Sie bereits bei uns waren und wel\u00adche Ein\u00adga\u00adben und Ein\u00adstel\u00adlun\u00adgen sie get\u00e4\u00adtigt haben, um diese nicht noch ein\u00admal ein\u00adge\u00adben zu m\u00fcs\u00adsen.<br>\nZum ande\u00adren setz\u00adten wir Coo\u00adkies ein, um die Nut\u00adzung unse\u00adrer Web\u00adsite sta\u00adtis\u00adtisch zu erfas\u00adsen und zum Zwe\u00adcke der Opti\u00admie\u00adrung unse\u00adres Ange\u00adbo\u00adtes f\u00fcr Sie aus\u00adzu\u00adwer\u00adten (siehe Ziff. 5). Diese Coo\u00adkies erm\u00f6g\u00adli\u00adchen es uns, bei einem erneu\u00adten Besuch unse\u00adrer Seite auto\u00adma\u00adtisch zu erken\u00adnen, dass Sie bereits bei uns waren. Diese Coo\u00adkies wer\u00adden nach einer jeweils defi\u00adnier\u00adten Zeit auto\u00adma\u00adtisch gel\u00f6scht.<br>\nDie durch Coo\u00adkies ver\u00adar\u00adbei\u00adte\u00adten Daten sind f\u00fcr die genann\u00adten Zwe\u00adcke zur Wah\u00adrung unse\u00adrer berech\u00adtig\u00adten Inter\u00ades\u00adsen sowie der Drit\u00adter nach Art. <a title=\"Art. 6 DSGVO: Rechtm\u00e4\u00dfigkeit der Verarbeitung\" href=\"https:\/\/dejure.org\/gesetze\/DSGVO\/6.html\">6<\/a> Abs. 1 S. 1 lit. f DSGVO erfor\u00adder\u00adlich.<br>\nDie meis\u00adten Brow\u00adser akzep\u00adtie\u00adren Coo\u00adkies auto\u00adma\u00adtisch. Sie k\u00f6n\u00adnen Ihren Brow\u00adser jedoch so kon\u00adfi\u00adgu\u00adrie\u00adren, dass keine Coo\u00adkies auf Ihrem Com\u00adpu\u00adter gespei\u00adchert wer\u00adden oder stets ein Hin\u00adweis erscheint, bevor ein neuer Coo\u00adkie ange\u00adlegt wird. Die voll\u00adst\u00e4n\u00addi\u00adge Deak\u00adti\u00advie\u00adrung von Coo\u00adkies kann jedoch dazu f\u00fch\u00adren, dass Sie nicht alle Funk\u00adtio\u00adnen unse\u00adrer Web\u00adsite nut\u00adzen k\u00f6n\u00adnen.<\/p>\n<h3>Analyse-Tools\/Tracking-Tools<\/h3>\n<p>Die im Fol\u00adgen\u00adden auf\u00adge\u00adf\u00fchr\u00adten und von uns ein\u00adge\u00adsetz\u00adten Tracking-Ma\u00dfnahmen wer\u00adden auf Grund\u00adla\u00adge des Art. <a title=\"Art. 6 DSGVO: Rechtm\u00e4\u00dfigkeit der Verarbeitung\" href=\"https:\/\/dejure.org\/gesetze\/DSGVO\/6.html\">6<\/a> Abs. 1 S. 1 lit. f DSGVO durch\u00adge\u00adf\u00fchrt. Mit den zum Ein\u00adsatz kom\u00admen\u00adden Tracking-Ma\u00dfnahmen wol\u00adlen wir eine bedarfs\u00adge\u00adrech\u00adte Gestal\u00adtung und die fort\u00adlau\u00adfen\u00adde Opti\u00admie\u00adrung unse\u00adrer Web\u00adsei\u00adte sicher\u00adstel\u00adlen. Zum ande\u00adren set\u00adzen wir die Tracking-Ma\u00dfnahmen ein, um die Nut\u00adzung unse\u00adrer Web\u00adsei\u00adte sta\u00adtis\u00adtisch zu erfas\u00adsen und zum Zwe\u00adcke der Opti\u00admie\u00adrung unse\u00adres Ange\u00adbo\u00adtes f\u00fcr Sie aus\u00adzu\u00adwer\u00adten. Diese Inter\u00ades\u00adsen sind als berech\u00adtigt im Sinne der vor\u00adge\u00adnann\u00adten Vor\u00adschrift anzu\u00adse\u00adhen.<br>\nDie jewei\u00adli\u00adgen Daten\u00adver\u00adar\u00adbei\u00adtungs\u00adzwe\u00adcke und Daten\u00adka\u00adte\u00adgo\u00adrien sind aus den ent\u00adspre\u00adchen\u00adden Tracking-Tools zu ent\u00adneh\u00admen.<\/p>\n<p>a) Goog\u00adle Adwords Con\u00adver\u00adsi\u00adon Track\u00ading<br>\nUm die Nut\u00adzung unse\u00adrer Web\u00adsei\u00adte sta\u00adtis\u00adtisch zu erfas\u00adsen und zum Zwe\u00adcke der Opti\u00admie\u00adrung unse\u00adrer Web\u00adsite f\u00fcr Sie aus\u00adzu\u00adwer\u00adten, nut\u00adzen wir das Goog\u00adle Con\u00adver\u00adsi\u00adon Track\u00ading. Dabei wird von Goog\u00adle Adwords ein Coo\u00adkie (siehe oben) auf Ihrem Rech\u00adner gesetzt, sofern Sie \u00fcber eine Google-Anzeige auf unse\u00adre Web\u00adsei\u00adte gelangt sind.<br>\nDiese Coo\u00adkies ver\u00adlie\u00adren nach 30 Tagen ihre G\u00fcl\u00adtig\u00adkeit und die\u00adnen nicht der per\u00ads\u00f6n\u00adli\u00adchen Iden\u00adti\u00adfi\u00adzie\u00adrung. Besucht der Nut\u00adzer bestimm\u00adte Sei\u00adten der Web\u00adsei\u00adte des Adwords-Kunden und das Coo\u00adkie ist noch nicht abge\u00adlau\u00adfen, k\u00f6n\u00adnen Goog\u00adle und der Kunde erken\u00adnen, dass der Nut\u00adzer auf die Anzei\u00adge geklickt hat und zu die\u00adser Seite wei\u00adter\u00adge\u00adlei\u00adtet wurde.<br>\nJeder Adwords-Kunde erh\u00e4lt ein ande\u00adres Coo\u00adkie. Coo\u00adkies k\u00f6n\u00adnen somit nicht \u00fcber die Web\u00adsei\u00adten von Adwords-Kunden nach\u00adver\u00adfolgt wer\u00adden. Die mit\u00adhil\u00adfe des Conversion-Cookies ein\u00adge\u00adhol\u00adten Infor\u00adma\u00adtio\u00adnen die\u00adnen dazu, Conversion-Statistiken f\u00fcr Adwords-Kunden zu erstel\u00adlen, die sich f\u00fcr Conversion-Tracking ent\u00adschie\u00adden haben. Die Adwords-Kunden erfah\u00adren die Gesamt\u00adan\u00adzahl der Nut\u00adzer, die auf ihre Anzei\u00adge geklickt haben und zu einer mit einem Conversion-Tracking-Tag ver\u00adse\u00adhe\u00adnen Seite wei\u00adter\u00adge\u00adlei\u00adtet wur\u00adden. Sie erhal\u00adten jedoch keine Infor\u00adma\u00adtio\u00adnen, mit denen sich Nut\u00adzer per\u00ads\u00f6n\u00adlich iden\u00adti\u00adfi\u00adzie\u00adren las\u00adsen.<br>\nWenn Sie nicht an dem Tracking-Verfahren teil\u00adneh\u00admen m\u00f6ch\u00adten, k\u00f6n\u00adnen Sie auch das hier\u00adf\u00fcr erfor\u00adder\u00adli\u00adche Set\u00adzen eines Coo\u00adkies ableh\u00adnen \u2013 etwa per Browser-Einstellung, die das auto\u00adma\u00adti\u00adsche Set\u00adzen von Coo\u00adkies gene\u00adrell deak\u00adti\u00adviert. Sie k\u00f6n\u00adnen Coo\u00adkies f\u00fcr Conversion-Tracking auch deak\u00adti\u00advie\u00adren, indem Sie Ihren Brow\u00adser so ein\u00adstel\u00adlen, dass Coo\u00adkies von der Domain \u201ewww.googleadservices.com\u201c blo\u00adckiert wer\u00adden. Goo\u00adgles Daten\u00adschutz\u00adbe\u00adleh\u00adrung zum Conversion-Tracking fin\u00adden Sie hier (https:\/\/services.google.com\/sitestats\/de.html).<\/p>\n<p>b) Mato\u00admo<br>\nWir ver\u00adwen\u00adden die Open-Source-Software Mato\u00admo zur Ana\u00adly\u00adse und sta\u00adtis\u00adti\u00adschen Aus\u00adwer\u00adtung der Nut\u00adzung der Web\u00adsite. Hier\u00adzu wer\u00adden Coo\u00adkies ein\u00adge\u00adsetzt (siehe oben). Die durch den Coo\u00adkie erzeug\u00adten Infor\u00adma\u00adtio\u00adnen \u00fcber die Web\u00adsite\u00adnut\u00adzung wer\u00adden an unse\u00adre Ser\u00adver \u00fcber\u00adtra\u00adgen und in pseud\u00adony\u00admen Nut\u00adzungs\u00adpro\u00adfi\u00adlen zusam\u00admen\u00adge\u00adfasst. Die Infor\u00adma\u00adtio\u00adnen wer\u00adden ver\u00adwen\u00addet, um die Nut\u00adzung der Web\u00adsite aus\u00adzu\u00adwer\u00adten und um eine bedarfs\u00adge\u00adrech\u00adte Gestal\u00adtung unse\u00adrer Web\u00adsite zu erm\u00f6g\u00adli\u00adchen. Eine Wei\u00adter\u00adga\u00adbe der Infor\u00adma\u00adtio\u00adnen an Drit\u00adte erfolgt nicht.<br>\nEs wird in kei\u00adnem Fall die IP-Adresse mit ande\u00adren den Nut\u00adzer betref\u00adfen\u00adden Daten in Ver\u00adbin\u00addung gebracht. Die IP-Adressen wer\u00adden anony\u00admi\u00adsiert, so dass eine Zuord\u00adnung nicht m\u00f6g\u00adlich ist (IP-Masking).<br>\nIhr Besuch die\u00adser Web\u00adsei\u00adte wird aktu\u00adell von der Mato\u00admo Web\u00adana\u00adly\u00adse erfasst. Kli\u00adcken Sie hier (https:\/\/matamo.org\/docs\/privacy\/), damit Ihr Besuch nicht mehr erfasst wird<\/p>\n<h3>Social Media<\/h3>\n<p>Auf unse\u00adrer Web\u00adsite set\u00adzen wir keine Social-Media-Plug-ins ein. Sofern unse\u00adre Web\u00adsite Sym\u00adbo\u00adle von Social-Media-Anbietern ent\u00adh\u00e4lt (z.B. von Xing oder Lin\u00adke\u00addin), nut\u00adzen wir diese ledig\u00adlich zur pas\u00adsi\u00adven Ver\u00adlin\u00adkung auf die Sei\u00adten der jewei\u00adli\u00adgen Anbie\u00adter.<\/p>\n<h3>Einbindung von Google Maps<\/h3>\n<p>Auf die\u00adser Web\u00adsei\u00adte nut\u00adzen wir das Ange\u00adbot von Goog\u00adle Maps. Dadurch k\u00f6n\u00adnen wir Ihnen inter\u00adak\u00adti\u00adve Kar\u00adten direkt in der Web\u00adsite anzei\u00adgen und erm\u00f6g\u00adli\u00adchen Ihnen die kom\u00adfor\u00adta\u00adble Nut\u00adzung der Karten-Funktion.<br>\nDurch den Besuch auf der Web\u00adsite erh\u00e4lt Goog\u00adle die Infor\u00adma\u00adti\u00adon, dass Sie die ent\u00adspre\u00adchen\u00adde Unter\u00adsei\u00adte unse\u00adrer Web\u00adsite auf\u00adge\u00adru\u00adfen haben. Zudem wer\u00adden per\u00adso\u00adnen\u00adbe\u00adzo\u00adge\u00adne Daten \u00fcber\u00admit\u00adtelt. Dies erfolgt unab\u00adh\u00e4n\u00adgig davon, ob Goog\u00adle ein Nut\u00adzer\u00adkon\u00adto bereit\u00adstellt, \u00fcber das Sie ein\u00adge\u00adloggt sind, oder ob kein Nut\u00adzer\u00adkon\u00adto besteht. Wenn Sie bei Goog\u00adle ein\u00adge\u00adloggt sind, wer\u00adden Ihre Daten direkt Ihrem Konto zuge\u00adord\u00adnet. Wenn Sie die Zuord\u00adnung mit Ihrem Pro\u00adfil bei Goog\u00adle nicht w\u00fcn\u00adschen, m\u00fcs\u00adsen Sie sich vor Akti\u00advie\u00adrung des But\u00adtons aus\u00adlog\u00adgen. Goog\u00adle spei\u00adchert Ihre Daten als Nut\u00adzungs\u00adpro\u00adfi\u00adle und nutzt sie f\u00fcr Zwe\u00adcke der Wer\u00adbung, Markt\u00adfor\u00adschung und\/oder bedarfs\u00adge\u00adrech\u00adten Gestal\u00adtung sei\u00adner Web\u00adsite. Eine sol\u00adche Aus\u00adwer\u00adtung erfolgt ins\u00adbe\u00adson\u00adde\u00adre (selbst f\u00fcr nicht ein\u00adge\u00adlogg\u00adte Nut\u00adzer) zur Erbrin\u00adgung von bedarfs\u00adge\u00adrech\u00adter Wer\u00adbung und um ande\u00adre Nut\u00adzer des sozia\u00adlen Netz\u00adwerks \u00fcber Ihre Akti\u00advi\u00adt\u00e4\u00adten auf unse\u00adrer Web\u00adsite zu infor\u00admie\u00adren. Ihnen steht ein Wider\u00adspruchs\u00adrecht zu gegen die Bil\u00addung die\u00adser Nut\u00adzer\u00adpro\u00adfi\u00adle, wobei Sie sich zur Aus\u00ad\u00fcbung des\u00adsen an Goog\u00adle rich\u00adten m\u00fcs\u00adsen.<br>\nWei\u00adte\u00adre Infor\u00adma\u00adtio\u00adnen zu Zweck und Umfang der Daten\u00ader\u00adhe\u00adbung und ihrer Ver\u00adar\u00adbei\u00adtung durch den Plug-in-Anbieter erhal\u00adten Sie in den Daten\u00adschutz\u00ader\u00adkl\u00e4\u00adrun\u00adgen des jewei\u00adli\u00adgen Anbie\u00adters. Dort erhal\u00adten Sie auch wei\u00adte\u00adre Infor\u00adma\u00adtio\u00adnen zu Ihren dies\u00adbe\u00adz\u00fcg\u00adli\u00adchen Rech\u00adten und Ein\u00adstel\u00adlungs\u00adm\u00f6g\u00adlich\u00adkei\u00adten zum Schut\u00adze Ihrer Pri\u00advat\u00adsph\u00e4\u00adre: http:\/\/www.google.de\/intl\/de\/policies\/privacy. Goog\u00adle ver\u00adar\u00adbei\u00adtet Ihre per\u00adso\u00adnen\u00adbe\u00adzo\u00adge\u00adnen Daten auch in den USA und hat sich dem EU-US Pri\u00adva\u00adcy Shield unter\u00adwor\u00adfen, https:\/\/www.privacyshield.gov\/EU-US-Framework.<\/p>\n<h3>Links zu Webseiten Dritter<\/h3>\n<p>Sofern auf der Web\u00adsei\u00adte www.peritus-ra.de Links oder Ver\u00adlin\u00adkun\u00adgen zu Web\u00adsei\u00adten oder Inhal\u00adten Drit\u00adter ent\u00adhal\u00adten sind, auf die die peri\u00adtus Rechts\u00adan\u00adwalts\u00adge\u00adsell\u00adschaft mbH kei\u00adnen Ein\u00adfluss aus\u00ad\u00fcben kann, so \u00fcber\u00adnimmt diese keine Ver\u00adant\u00adwor\u00adtung oder Haf\u00adtung f\u00fcr den Betrieb und Inhalt sol\u00adcher Web\u00adsei\u00adten Drit\u00adter.<\/p>\n<h3>Betroffenenrechte<\/h3>\n<p>Sie haben das Recht:<\/p>\n<p>gem\u00e4\u00df Art. <a title=\"Art. 15 DSGVO: Auskunftsrecht der betroffenen Person\" href=\"https:\/\/dejure.org\/gesetze\/DSGVO\/15.html\">15<\/a> DSGVO Aus\u00adkunft \u00fcber Ihre von uns ver\u00adar\u00adbei\u00adte\u00adten per\u00adso\u00adnen\u00adbe\u00adzo\u00adge\u00adnen Daten zu ver\u00adlan\u00adgen. Ins\u00adbe\u00adson\u00adde\u00adre k\u00f6n\u00adnen Sie Aus\u00adkunft \u00fcber die Ver\u00adar\u00adbei\u00adtungs\u00adzwe\u00adcke, die Kate\u00adgo\u00adrie der per\u00adso\u00adnen\u00adbe\u00adzo\u00adge\u00adnen Daten, die Kate\u00adgo\u00adrien von Emp\u00adf\u00e4n\u00adgern, gegen\u00ad\u00fcber denen Ihre Daten offen\u00adge\u00adlegt wur\u00adden oder wer\u00adden, die geplan\u00adte Spei\u00adcher\u00addau\u00ader, das Bestehen eines Rechts auf Berich\u00adti\u00adgung, L\u00f6schung, Ein\u00adschr\u00e4n\u00adkung der Ver\u00adar\u00adbei\u00adtung oder Wider\u00adspruch, das Bestehen eines Beschwer\u00adde\u00adrechts, die Her\u00adkunft ihrer Daten, sofern diese nicht bei uns erho\u00adben wur\u00adden, sowie \u00fcber das Bestehen einer auto\u00adma\u00adti\u00adsier\u00adten Ent\u00adschei\u00addungs\u00adfin\u00addung ein\u00adschlie\u00df\u00adlich Pro\u00adfil\u00ading und ggf. aus\u00adsa\u00adge\u00adkr\u00e4f\u00adti\u00adgen Infor\u00adma\u00adtio\u00adnen zu deren Ein\u00adzel\u00adhei\u00adten ver\u00adlan\u00adgen;<\/p>\n<p>gem\u00e4\u00df Art. <a title=\"Art. 16 DSGVO: Recht auf Berichtigung\" href=\"https:\/\/dejure.org\/gesetze\/DSGVO\/16.html\">16<\/a> DSGVO unver\u00adz\u00fcg\u00adlich die Berich\u00adti\u00adgung unrich\u00adti\u00adger oder Ver\u00advoll\u00adst\u00e4n\u00addi\u00adgung Ihrer bei uns gespei\u00adcher\u00adten per\u00adso\u00adnen\u00adbe\u00adzo\u00adge\u00adnen Daten zu ver\u00adlan\u00adgen;<\/p>\n<p>gem\u00e4\u00df Art. <a title=\"Art. 17 DSGVO: Recht auf L\u00f6schung (&quot;Recht auf Vergessenwerden&quot;)\" href=\"https:\/\/dejure.org\/gesetze\/DSGVO\/17.html\">17<\/a> DSGVO die L\u00f6schung Ihrer bei uns gespei\u00adcher\u00adten per\u00adso\u00adnen\u00adbe\u00adzo\u00adge\u00adnen Daten zu ver\u00adlan\u00adgen, soweit nicht die Ver\u00adar\u00adbei\u00adtung zur Aus\u00ad\u00fcbung des Rechts auf freie Mei\u00adnungs\u00ad\u00e4u\u00ad\u00dfe\u00adrung und Infor\u00adma\u00adti\u00adon, zur Erf\u00fcl\u00adlung einer recht\u00adli\u00adchen Ver\u00adpflich\u00adtung, aus Gr\u00fcn\u00adden des \u00f6ffent\u00adli\u00adchen Inter\u00ades\u00adses oder zur Gel\u00adtend\u00adma\u00adchung, Aus\u00ad\u00fcbung oder Ver\u00adtei\u00addi\u00adgung von Rechts\u00adan\u00adspr\u00fc\u00adchen erfor\u00adder\u00adlich ist;<\/p>\n<p>gem\u00e4\u00df Art. <a title=\"Art. 18 DSGVO: Recht auf Einschr\u00e4nkung der Verarbeitung\" href=\"https:\/\/dejure.org\/gesetze\/DSGVO\/18.html\">18<\/a> DSGVO die Ein\u00adschr\u00e4n\u00adkung der Ver\u00adar\u00adbei\u00adtung Ihrer per\u00adso\u00adnen\u00adbe\u00adzo\u00adge\u00adnen Daten zu ver\u00adlan\u00adgen, soweit die Rich\u00adtig\u00adkeit der Daten von Ihnen bestrit\u00adten wird, die Ver\u00adar\u00adbei\u00adtung unrecht\u00adm\u00e4\u00ad\u00dfig ist, Sie aber deren L\u00f6schung ableh\u00adnen und wir die Daten nicht mehr ben\u00f6\u00adti\u00adgen, Sie jedoch diese zur Gel\u00adtend\u00adma\u00adchung, Aus\u00ad\u00fcbung oder Ver\u00adtei\u00addi\u00adgung von Rechts\u00adan\u00adspr\u00fc\u00adchen ben\u00f6\u00adti\u00adgen oder Sie gem\u00e4\u00df Art. <a title=\"Art. 21 DSGVO: Widerspruchsrecht\" href=\"https:\/\/dejure.org\/gesetze\/DSGVO\/21.html\">21<\/a> DSGVO Wider\u00adspruch gegen die Ver\u00adar\u00adbei\u00adtung ein\u00adge\u00adlegt haben;<\/p>\n<p>gem\u00e4\u00df Art. <a title=\"Art. 20 DSGVO: Recht auf Daten\u00fcbertragbarkeit\" href=\"https:\/\/dejure.org\/gesetze\/DSGVO\/20.html\">20<\/a> DSGVO Ihre per\u00adso\u00adnen\u00adbe\u00adzo\u00adge\u00adnen Daten, die Sie uns bereit\u00adge\u00adstellt haben, in einem struk\u00adtu\u00adrier\u00adten, g\u00e4n\u00adgi\u00adgen und maschi\u00adnen\u00adle\u00adse\u00adba\u00adren For\u00admat zu erhal\u00adten oder die \u00dcber\u00admitt\u00adlung an einen ande\u00adren Ver\u00adant\u00adwort\u00adli\u00adchen zu ver\u00adlan\u00adgen;<\/p>\n<p>gem\u00e4\u00df Art. <a title=\"Art. 7 DSGVO: Bedingungen f\u00fcr die Einwilligung\" href=\"https:\/\/dejure.org\/gesetze\/DSGVO\/7.html\">7<\/a> Abs. 3 DSGVO Ihre ein\u00admal erteil\u00adte Ein\u00adwil\u00adli\u00adgung jeder\u00adzeit gegen\u00ad\u00fcber uns zu wider\u00adru\u00adfen. Dies hat zur Folge, dass wir die Daten\u00adver\u00adar\u00adbei\u00adtung, die auf die\u00adser Ein\u00adwil\u00adli\u00adgung beruh\u00adte, f\u00fcr die Zukunft nicht mehr fort\u00adf\u00fch\u00adren d\u00fcr\u00adfen und<\/p>\n<p>gem\u00e4\u00df Art. <a title=\"Art. 77 DSGVO: Recht auf Beschwerde bei einer Aufsichtsbeh\u00f6rde\" href=\"https:\/\/dejure.org\/gesetze\/DSGVO\/77.html\">77<\/a> DSGVO sich bei einer Auf\u00adsichts\u00adbe\u00adh\u00f6r\u00adde zu beschwe\u00adren. In der Regel k\u00f6n\u00adnen Sie sich hier\u00adf\u00fcr an die Auf\u00adsichts\u00adbe\u00adh\u00f6r\u00adde Ihres \u00fcbli\u00adchen Auf\u00adent\u00adhalts\u00ador\u00adtes oder Arbeits\u00adplat\u00adzes oder unse\u00adres Kanz\u00adlei\u00adsit\u00adzes wen\u00adden.<\/p>\n<h3>Widerspruchsrecht<\/h3>\n<p>Sofern Ihre per\u00adso\u00adnen\u00adbe\u00adzo\u00adge\u00adnen Daten auf Grund\u00adla\u00adge von berech\u00adtig\u00adten Inter\u00ades\u00adsen gem\u00e4\u00df Art. <a title=\"Art. 6 DSGVO: Rechtm\u00e4\u00dfigkeit der Verarbeitung\" href=\"https:\/\/dejure.org\/gesetze\/DSGVO\/6.html\">6<\/a> Abs. 1 S. 1 lit. f DSGVO ver\u00adar\u00adbei\u00adtet wer\u00adden, haben Sie das Recht, gem\u00e4\u00df Art. <a title=\"Art. 21 DSGVO: Widerspruchsrecht\" href=\"https:\/\/dejure.org\/gesetze\/DSGVO\/21.html\">21<\/a> DSGVO Wider\u00adspruch gegen die Ver\u00adar\u00adbei\u00adtung Ihrer per\u00adso\u00adnen\u00adbe\u00adzo\u00adge\u00adnen Daten ein\u00adzu\u00adle\u00adgen, soweit daf\u00fcr Gr\u00fcn\u00adde vor\u00adlie\u00adgen, die sich aus Ihrer beson\u00adde\u00adren Situa\u00adti\u00adon erge\u00adben oder sich der Wider\u00adspruch gegen Direkt\u00adwer\u00adbung rich\u00adtet. Im letz\u00adte\u00adren Fall haben Sie ein gene\u00adrel\u00adles Wider\u00adspruchs\u00adrecht, das ohne Anga\u00adbe einer beson\u00adde\u00adren Situa\u00adti\u00adon von uns umge\u00adsetzt wird.<\/p>\n<p>M\u00f6ch\u00adten Sie von Ihrem Widerrufs- oder Wider\u00adspruchs\u00adrecht Gebrauch machen, gen\u00fcgt eine E\u2011Mail an mail@peritus-ra.de.<\/p>\n<h3>Datensicherheit<\/h3>\n<p>Wir ver\u00adwen\u00adden inner\u00adhalb des Website-Besuchs das ver\u00adbrei\u00adte\u00adte SSL-Verfahren (Secu\u00adre Socket Layer) in Ver\u00adbin\u00addung mit der jeweils h\u00f6chs\u00adten Ver\u00adschl\u00fcs\u00adse\u00adlungs\u00adstu\u00adfe, die von Ihrem Brow\u00adser unter\u00adst\u00fctzt wird. In der Regel han\u00addelt es sich dabei um eine 256 Bit Ver\u00adschl\u00fcs\u00adse\u00adlung. Falls Ihr Brow\u00adser keine 256-Bit Ver\u00adschl\u00fcs\u00adse\u00adlung unter\u00adst\u00fctzt, grei\u00adfen wir statt\u00addes\u00adsen auf 128-Bit v3 Tech\u00adno\u00adlo\u00adgie zur\u00fcck. Ob eine ein\u00adzel\u00adne Seite unse\u00adres Inter\u00adnet\u00adauf\u00adtrit\u00adtes ver\u00adschl\u00fcs\u00adselt \u00fcber\u00adtra\u00adgen wird, erken\u00adnen Sie an der geschlos\u00adse\u00adnen Dar\u00adstel\u00adlung des Sch\u00fcssel- bezie\u00adhungs\u00adwei\u00adse Schloss-Symbols in der unte\u00adren Sta\u00adtus\u00adleis\u00adte Ihres Brow\u00adsers.<br>\nWir bedie\u00adnen uns im \u00dcbri\u00adgen geeig\u00adne\u00adter tech\u00adni\u00adscher und orga\u00adni\u00adsa\u00adto\u00adri\u00adscher Sicher\u00adheits\u00adma\u00df\u00adnah\u00admen, um Ihre Daten gegen zuf\u00e4l\u00adli\u00adge oder vor\u00ads\u00e4tz\u00adli\u00adche Mani\u00adpu\u00adla\u00adtio\u00adnen, teil\u00adwei\u00adsen oder voll\u00adst\u00e4n\u00addi\u00adgen Ver\u00adlust, Zer\u00adst\u00f6\u00adrung oder gegen den unbe\u00adfug\u00adten Zugriff Drit\u00adter zu sch\u00fct\u00adzen. Unse\u00adre Sicher\u00adheits\u00adma\u00df\u00adnah\u00admen wer\u00adden ent\u00adspre\u00adchend der tech\u00adno\u00adlo\u00adgi\u00adschen Ent\u00adwick\u00adlung fort\u00adlau\u00adfend ver\u00adbes\u00adsert.<\/p>\n<h3>Aktualit\u00e4t und \u00c4nderung dieser Datenschutzerkl\u00e4rung<\/h3>\n<p>Diese Datenschutzerkl\u00e4rung ist aktu\u00adell g\u00fcl\u00adtig und hat den Stand Mai 2018.<br>\nDurch die Wei\u00adter\u00adent\u00adwick\u00adlung unse\u00adrer Web\u00adsite und Ange\u00adbo\u00adte dar\u00ad\u00fcber oder auf\u00adgrund ge\u00e4n\u00adder\u00adter gesetz\u00adli\u00adcher bezie\u00adhungs\u00adwei\u00adse beh\u00f6rd\u00adli\u00adcher Vor\u00adga\u00adben kann es not\u00adwen\u00addig wer\u00adden, diese Datenschutzerkl\u00e4rung zu \u00e4ndern. Die jeweils aktu\u00adel\u00adle Datenschutzerkl\u00e4rung kann jeder\u00adzeit auf der Web\u00adsite unter https:\/\/www.peritus-ra.de\/kanzlei\/datenschutz von Ihnen abge\u00adru\u00adfen und aus\u00adge\u00addruckt wer\u00adden.<\/p>\n<\/div>\n<\/div>\n<\/div><\/div><div class=\"w-separator size_custom\" style=\"height:30px\"><\/div><\/div><\/div><\/div><\/div><\/div><\/section>\n","protected":false},"excerpt":{"rendered":"Die Web\u00adsei\u00adte der peri\u00adtus Rechts\u00adan\u00adwalts\u00adge\u00adsell\u00adschaft mbH Diese Datenschutz-Information gilt f\u00fcr die Daten\u00adver\u00adar\u00adbei\u00adtung durch die peri\u00adtus Rechts\u00adan\u00adwalts\u00adge\u00adsell\u00adschaft mbH. Daten\u00adschutz Die peri\u00adtus&nbsp;Rechts\u00adan\u00adwalts\u00adge\u00adsell\u00adschaft mbH erhebt die vom jewei\u00adli\u00adgen Internet-Provider mit\u00adge\u00adteil\u00adten Anga\u00adben (insb. zuge\u00adwie\u00adse\u00adne IP-Adresse) und keine per\u00adso\u00adnen\u00adbe\u00adzo\u00adge\u00adnen Daten mit Aus\u00adnah\u00adme sol\u00adcher per\u00adso\u00adnen\u00adbe\u00adzo\u00adge\u00adnen Daten, die vom Besu\u00adcher aus\u00addr\u00fcck\u00adlich und frei\u00adwil\u00adlig ein\u00adge\u00adge\u00adben wer\u00adden. Bei Ihrer Kon\u00adtakt\u00adauf\u00adnah\u00adme mit uns per E\u2011Mail\u2026","protected":false},"author":20,"featured_media":8876,"parent":0,"menu_order":0,"comment_status":"closed","ping_status":"closed","template":"","meta":{"wp_typography_post_enhancements_disabled":false,"footnotes":""},"categories":[],"tags":[],"class_list":["post-9689","page","type-page","status-publish","has-post-thumbnail","hentry"],"_links":{"self":[{"href":"https:\/\/www.peritus-ra.de\/en\/wp-json\/wp\/v2\/pages\/9689","targetHints":{"allow":["GET"]}}],"collection":[{"href":"https:\/\/www.peritus-ra.de\/en\/wp-json\/wp\/v2\/pages"}],"about":[{"href":"https:\/\/www.peritus-ra.de\/en\/wp-json\/wp\/v2\/types\/page"}],"author":[{"embeddable":true,"href":"https:\/\/www.peritus-ra.de\/en\/wp-json\/wp\/v2\/users\/20"}],"replies":[{"embeddable":true,"href":"https:\/\/www.peritus-ra.de\/en\/wp-json\/wp\/v2\/comments?post=9689"}],"version-history":[{"count":2,"href":"https:\/\/www.peritus-ra.de\/en\/wp-json\/wp\/v2\/pages\/9689\/revisions"}],"predecessor-version":[{"id":9745,"href":"https:\/\/www.peritus-ra.de\/en\/wp-json\/wp\/v2\/pages\/9689\/revisions\/9745"}],"wp:featuredmedia":[{"embeddable":true,"href":"https:\/\/www.peritus-ra.de\/en\/wp-json\/wp\/v2\/media\/8876"}],"wp:attachment":[{"href":"https:\/\/www.peritus-ra.de\/en\/wp-json\/wp\/v2\/media?parent=9689"}],"wp:term":[{"taxonomy":"category","embeddable":true,"href":"https:\/\/www.peritus-ra.de\/en\/wp-json\/wp\/v2\/categories?post=9689"},{"taxonomy":"post_tag","embeddable":true,"href":"https:\/\/www.peritus-ra.de\/en\/wp-json\/wp\/v2\/tags?post=9689"}],"curies":[{"name":"wp","href":"https:\/\/api.w.org\/{rel}","templated":true}]}}